{"id":46,"date":"2022-03-30T16:26:47","date_gmt":"2022-03-30T16:26:47","guid":{"rendered":"https:\/\/knallerhunde.de\/?page_id=46"},"modified":"2026-04-20T09:10:14","modified_gmt":"2026-04-20T09:10:14","slug":"die-in-nrw-verpflichtende-sachkundepruefung-gemaess-%c2%a7-6-des-landeshundegesetzes-nrw-habe-ich-anfang-2009-abgelegt-ende-juni-2009-zog-meine-erste-dogo-argentino-huendin-akira-ein-ende-dezember-2","status":"publish","type":"page","link":"https:\/\/canisspecialis.de\/index.php\/die-in-nrw-verpflichtende-sachkundepruefung-gemaess-%c2%a7-6-des-landeshundegesetzes-nrw-habe-ich-anfang-2009-abgelegt-ende-juni-2009-zog-meine-erste-dogo-argentino-huendin-akira-ein-ende-dezember-2\/","title":{"rendered":"About me"},"content":{"rendered":"\n<p>Mein Name ist Sonja Haamann und hauptberuflich bin ich als Fachinformatikerin t\u00e4tig. Mit Hunden aufgewachsen, entwickelte ich bereits in jungen Jahren meine gro\u00dfe Leidenschaft f\u00fcr sie. Schon als Kind war ich st\u00e4ndig mit dem eigenen und den Nachbarshunden unterwegs und habe mir fr\u00fcher so mein Taschengeld aufgebessert. <\/p>\n\n\n\n<p>2007 lernte ich die Rasse Dogo Argentino kennen und lieben und im Juni 2009 zog meine Dogo Argentino H\u00fcndin Akira bei uns ein. <\/p>\n\n\n\n<figure class=\"wp-block-gallery has-nested-images columns-default is-cropped wp-block-gallery-1 is-layout-flex wp-block-gallery-is-layout-flex\">\n<figure class=\"wp-block-image size-large\"><img loading=\"lazy\" decoding=\"async\" width=\"700\" height=\"525\" data-id=\"419\" src=\"https:\/\/canisspecialis.de\/wp-content\/uploads\/2023\/12\/akira9-700x525.jpg\" alt=\"\" class=\"wp-image-419\" srcset=\"https:\/\/canisspecialis.de\/wp-content\/uploads\/2023\/12\/akira9-700x525.jpg 700w, https:\/\/canisspecialis.de\/wp-content\/uploads\/2023\/12\/akira9-300x225.jpg 300w, https:\/\/canisspecialis.de\/wp-content\/uploads\/2023\/12\/akira9-768x576.jpg 768w, https:\/\/canisspecialis.de\/wp-content\/uploads\/2023\/12\/akira9-1536x1152.jpg 1536w, https:\/\/canisspecialis.de\/wp-content\/uploads\/2023\/12\/akira9-800x600.jpg 800w, https:\/\/canisspecialis.de\/wp-content\/uploads\/2023\/12\/akira9-80x60.jpg 80w, https:\/\/canisspecialis.de\/wp-content\/uploads\/2023\/12\/akira9.jpg 2048w\" sizes=\"auto, (max-width: 700px) 100vw, 700px\" \/><\/figure>\n\n\n\n<figure class=\"wp-block-image size-large\"><img loading=\"lazy\" decoding=\"async\" width=\"700\" height=\"464\" data-id=\"418\" src=\"https:\/\/canisspecialis.de\/wp-content\/uploads\/2023\/12\/akira2-700x464.jpg\" alt=\"\" class=\"wp-image-418\" srcset=\"https:\/\/canisspecialis.de\/wp-content\/uploads\/2023\/12\/akira2-700x464.jpg 700w, https:\/\/canisspecialis.de\/wp-content\/uploads\/2023\/12\/akira2-300x199.jpg 300w, https:\/\/canisspecialis.de\/wp-content\/uploads\/2023\/12\/akira2-768x509.jpg 768w, https:\/\/canisspecialis.de\/wp-content\/uploads\/2023\/12\/akira2-800x530.jpg 800w, https:\/\/canisspecialis.de\/wp-content\/uploads\/2023\/12\/akira2.jpg 960w\" sizes=\"auto, (max-width: 700px) 100vw, 700px\" \/><\/figure>\n\n\n\n<figure class=\"wp-block-image size-large\"><img loading=\"lazy\" decoding=\"async\" width=\"700\" height=\"525\" data-id=\"420\" src=\"https:\/\/canisspecialis.de\/wp-content\/uploads\/2023\/12\/akira-700x525.jpg\" alt=\"\" class=\"wp-image-420\" srcset=\"https:\/\/canisspecialis.de\/wp-content\/uploads\/2023\/12\/akira-700x525.jpg 700w, https:\/\/canisspecialis.de\/wp-content\/uploads\/2023\/12\/akira-300x225.jpg 300w, https:\/\/canisspecialis.de\/wp-content\/uploads\/2023\/12\/akira-768x576.jpg 768w, https:\/\/canisspecialis.de\/wp-content\/uploads\/2023\/12\/akira-800x600.jpg 800w, https:\/\/canisspecialis.de\/wp-content\/uploads\/2023\/12\/akira-80x60.jpg 80w, https:\/\/canisspecialis.de\/wp-content\/uploads\/2023\/12\/akira.jpg 960w\" sizes=\"auto, (max-width: 700px) 100vw, 700px\" \/><\/figure>\n<\/figure>\n\n\n\n<p>Da diese tolle Rasse zu den sogenannten Listenhunden z\u00e4hlt, habe ich damals bereits die in NRW verpflichtende Sachkundepr\u00fcfung gem\u00e4\u00df \u00a7 6 des Landeshundegesetzes NRW abgelegt. Ende Dezember 2009 zog dann mein zu dem Zeitpunkt einj\u00e4hriger Dogo R\u00fcde Chronos ein. <\/p>\n\n\n\n<p>Mit ihm war es nicht immer einfach, denn es verlief erstmal so gar nichts nach Plan. Nachdem wir gesundheitliche Baustellen in den Griff bekamen, gab es auch endlich kleine Fortschritte im Training. Ich musste h\u00e4ufig das Training umstellen und nach anderen L\u00f6sungsans\u00e4tzen und Wegen suchen. <\/p>\n\n\n\n<p>Fundiertes Wissen und stetige Weiterbildung rund um das Thema Hund sind mir von Anfang an sehr wichtig gewesen. Niemand ist perfekt und aus Fehlern kann man immer lernen. Wir waren fortan st\u00e4ndig deutschlandweit unterwegs, um viele unterschiedliche Seminare zu besuchen und ein breit aufgestelltes Wissen zu erlangen. Au\u00dferdem waren f\u00fcr mich Demos wie der &#8222;Soka Run&#8220; und die &#8222;Hund ist Hund&#8220; immer eine Herzensangelegenheit, denn Hunde haben keine Stimme, wir m\u00fcssen f\u00fcr ihre Rechte und gegen Rasselisten k\u00e4mpfen.<\/p>\n\n\n\n<figure class=\"wp-block-gallery has-nested-images columns-default is-cropped wp-block-gallery-2 is-layout-flex wp-block-gallery-is-layout-flex\">\n<figure class=\"wp-block-image size-large\"><img loading=\"lazy\" decoding=\"async\" width=\"700\" height=\"933\" data-id=\"433\" src=\"https:\/\/canisspecialis.de\/wp-content\/uploads\/2023\/12\/akira5-700x933.jpg\" alt=\"\" class=\"wp-image-433\" srcset=\"https:\/\/canisspecialis.de\/wp-content\/uploads\/2023\/12\/akira5-700x933.jpg 700w, https:\/\/canisspecialis.de\/wp-content\/uploads\/2023\/12\/akira5-225x300.jpg 225w, https:\/\/canisspecialis.de\/wp-content\/uploads\/2023\/12\/akira5-768x1024.jpg 768w, https:\/\/canisspecialis.de\/wp-content\/uploads\/2023\/12\/akira5-1152x1536.jpg 1152w, https:\/\/canisspecialis.de\/wp-content\/uploads\/2023\/12\/akira5-800x1067.jpg 800w, https:\/\/canisspecialis.de\/wp-content\/uploads\/2023\/12\/akira5.jpg 1512w\" sizes=\"auto, (max-width: 700px) 100vw, 700px\" \/><\/figure>\n\n\n\n<figure class=\"wp-block-image size-large\"><img loading=\"lazy\" decoding=\"async\" width=\"700\" height=\"933\" data-id=\"435\" src=\"https:\/\/canisspecialis.de\/wp-content\/uploads\/2023\/12\/dogos-700x933.jpg\" alt=\"\" class=\"wp-image-435\" srcset=\"https:\/\/canisspecialis.de\/wp-content\/uploads\/2023\/12\/dogos-700x933.jpg 700w, https:\/\/canisspecialis.de\/wp-content\/uploads\/2023\/12\/dogos-225x300.jpg 225w, https:\/\/canisspecialis.de\/wp-content\/uploads\/2023\/12\/dogos.jpg 720w\" sizes=\"auto, (max-width: 700px) 100vw, 700px\" \/><\/figure>\n\n\n\n<figure class=\"wp-block-image size-large\"><img loading=\"lazy\" decoding=\"async\" width=\"700\" height=\"934\" data-id=\"436\" src=\"https:\/\/canisspecialis.de\/wp-content\/uploads\/2023\/12\/20210225_180832-700x934.jpg\" alt=\"\" class=\"wp-image-436\" srcset=\"https:\/\/canisspecialis.de\/wp-content\/uploads\/2023\/12\/20210225_180832-700x934.jpg 700w, https:\/\/canisspecialis.de\/wp-content\/uploads\/2023\/12\/20210225_180832-225x300.jpg 225w, https:\/\/canisspecialis.de\/wp-content\/uploads\/2023\/12\/20210225_180832-768x1024.jpg 768w, https:\/\/canisspecialis.de\/wp-content\/uploads\/2023\/12\/20210225_180832-1152x1536.jpg 1152w, https:\/\/canisspecialis.de\/wp-content\/uploads\/2023\/12\/20210225_180832-1536x2048.jpg 1536w, https:\/\/canisspecialis.de\/wp-content\/uploads\/2023\/12\/20210225_180832-800x1067.jpg 800w, https:\/\/canisspecialis.de\/wp-content\/uploads\/2023\/12\/20210225_180832-scaled.jpg 1920w\" sizes=\"auto, (max-width: 700px) 100vw, 700px\" \/><\/figure>\n<\/figure>\n\n\n\n<p>2013 gr\u00fcndete ich aus Liebe zur Rasse den Verein &#8222;Dogo Argentino in Not e.V.&#8220;. Durch den Verein und meine ehrenamtliche T\u00e4tigkeit in diversen Tierheimen konnte ich im Laufe der Jahre viel praktische Erfahrung sammeln. Ohne Chronos h\u00e4tte ich mir vermutlich all dieses Wissen im Laufe der Jahre nicht angeeignet und h\u00e4tte auch nicht dieses H\u00e4ndchen f\u00fcr spezielle Hunde entwickelt. <br>Ihm ist Canis Specialis gewidmet.<\/p>\n\n\n\n<figure class=\"wp-block-gallery has-nested-images columns-default is-cropped wp-block-gallery-3 is-layout-flex wp-block-gallery-is-layout-flex\">\n<figure class=\"wp-block-image size-large\"><img loading=\"lazy\" decoding=\"async\" width=\"700\" height=\"525\" data-id=\"411\" src=\"https:\/\/canisspecialis.de\/wp-content\/uploads\/2023\/12\/chronos3-700x525.jpg\" alt=\"\" class=\"wp-image-411\" srcset=\"https:\/\/canisspecialis.de\/wp-content\/uploads\/2023\/12\/chronos3-700x525.jpg 700w, https:\/\/canisspecialis.de\/wp-content\/uploads\/2023\/12\/chronos3-300x225.jpg 300w, https:\/\/canisspecialis.de\/wp-content\/uploads\/2023\/12\/chronos3-768x576.jpg 768w, https:\/\/canisspecialis.de\/wp-content\/uploads\/2023\/12\/chronos3-1536x1152.jpg 1536w, https:\/\/canisspecialis.de\/wp-content\/uploads\/2023\/12\/chronos3-800x600.jpg 800w, https:\/\/canisspecialis.de\/wp-content\/uploads\/2023\/12\/chronos3-80x60.jpg 80w, https:\/\/canisspecialis.de\/wp-content\/uploads\/2023\/12\/chronos3.jpg 2048w\" sizes=\"auto, (max-width: 700px) 100vw, 700px\" \/><\/figure>\n\n\n\n<figure class=\"wp-block-image size-large\"><img loading=\"lazy\" decoding=\"async\" width=\"700\" height=\"394\" data-id=\"437\" src=\"https:\/\/canisspecialis.de\/wp-content\/uploads\/2023\/12\/chronos2-700x394.jpg\" alt=\"\" class=\"wp-image-437\" srcset=\"https:\/\/canisspecialis.de\/wp-content\/uploads\/2023\/12\/chronos2-700x394.jpg 700w, https:\/\/canisspecialis.de\/wp-content\/uploads\/2023\/12\/chronos2-300x169.jpg 300w, https:\/\/canisspecialis.de\/wp-content\/uploads\/2023\/12\/chronos2-768x432.jpg 768w, https:\/\/canisspecialis.de\/wp-content\/uploads\/2023\/12\/chronos2-800x450.jpg 800w, https:\/\/canisspecialis.de\/wp-content\/uploads\/2023\/12\/chronos2.jpg 960w\" sizes=\"auto, (max-width: 700px) 100vw, 700px\" \/><\/figure>\n\n\n\n<figure class=\"wp-block-image size-large\"><img loading=\"lazy\" decoding=\"async\" width=\"700\" height=\"525\" data-id=\"410\" src=\"https:\/\/canisspecialis.de\/wp-content\/uploads\/2023\/12\/chronos-700x525.jpg\" alt=\"\" class=\"wp-image-410\" srcset=\"https:\/\/canisspecialis.de\/wp-content\/uploads\/2023\/12\/chronos-700x525.jpg 700w, https:\/\/canisspecialis.de\/wp-content\/uploads\/2023\/12\/chronos-300x225.jpg 300w, https:\/\/canisspecialis.de\/wp-content\/uploads\/2023\/12\/chronos-768x576.jpg 768w, https:\/\/canisspecialis.de\/wp-content\/uploads\/2023\/12\/chronos-800x600.jpg 800w, https:\/\/canisspecialis.de\/wp-content\/uploads\/2023\/12\/chronos-80x60.jpg 80w, https:\/\/canisspecialis.de\/wp-content\/uploads\/2023\/12\/chronos.jpg 960w\" sizes=\"auto, (max-width: 700px) 100vw, 700px\" \/><\/figure>\n<\/figure>\n\n\n\n<p>Bei der Arbeit mit einigen Spezialf\u00e4llen, lie\u00df ich mir gerne mal auf die Finger schauen. Manchmal ist man ja einfach &#8222;betriebsblind&#8220; und ein Au\u00dfenstehender kann dann schonmal einen neuen Impuls geben.<\/p>\n\n\n\n<p>Anfang 2021 entschied ich mich die Ausbildung zur Hundepsychologin an der Euregio Tierakademie in Aachen zu absolvieren. Hundetrainerin zu werden, war eigentlich gar nicht der Plan, aber ein netter Trainerkollege legte es mir nahe. Nach einj\u00e4hriger Ausbildung habe ich im M\u00e4rz 2022 die Ausbildung zur Hundepsychologin erfolgreich abgeschlossen. <\/p>\n\n\n\n<figure class=\"wp-block-image size-full\"><img loading=\"lazy\" decoding=\"async\" width=\"700\" height=\"467\" src=\"https:\/\/canisspecialis.de\/wp-content\/uploads\/2025\/07\/Neo_HP1.png\" alt=\"\" class=\"wp-image-1018\" srcset=\"https:\/\/canisspecialis.de\/wp-content\/uploads\/2025\/07\/Neo_HP1.png 700w, https:\/\/canisspecialis.de\/wp-content\/uploads\/2025\/07\/Neo_HP1-300x200.png 300w\" sizes=\"auto, (max-width: 700px) 100vw, 700px\" \/><figcaption class=\"wp-element-caption\">Fotos der Collage von LostDogs &#8211; Guido Abels<\/figcaption><\/figure>\n\n\n\n<h2 class=\"wp-block-heading\">Philosophie<\/h2>\n\n\n\n<p>Meine Leidenschaft liegt bei Hunden, die deviantes Verhalten zeigen und sich nicht innerhalb unserer Gesellschaftsnormen bewegen. Hunde die schon eine Vorgeschichte haben und oft als Problemhunde abgestempelt sind. Ich m\u00f6chte Menschen unterst\u00fctzen, die sich ganz bewusst der Herausforderung &#8222;Second-Hand Hund&#8220; stellen und einem vermeintlichen Problemhund aus dem Tierschutz eine 2. Chance geben. Ich m\u00f6chte mehr Verst\u00e4ndnis f\u00fcr Normal- und Problemverhalten vermitteln und das Auge f\u00fcr die vielen feinen Signale sch\u00e4rfen. Gemeinsam werden wir die Ursache f\u00fcr das unerw\u00fcnschte Verhalten finden, die Bed\u00fcrfnisse erkennen und auf Basis positiver Verst\u00e4rkung das erw\u00fcnschte Verhalten f\u00f6rdern. Unter Ber\u00fccksichtigung der Veranlagung, der F\u00e4higkeiten und des Verhaltens eines Hundes, halte ich es aber auch f\u00fcr wichtig, punktuell zu reglementieren. Eine gute Beziehungsqualit\u00e4t erreicht man nicht \u00fcber Sonnenschein und Leckerchen, sondern \u00fcber Souver\u00e4nit\u00e4t, Konsequenz, Respekt und Vertrauen.<\/p>\n\n\n\n<p>Ich halte nichts von Schema F, angeblichen Patentrezepten und Methoden. Ich folge keiner Ideologie und mache auch keine Versprechungen. <\/p>\n\n\n\n<p>Wir werden das Training ganz individuell angehen und gestalten und bei Bedarf weiter optimieren. Wir werden Eure Probleme dort angehen wo sie auftreten, nicht auf dem Hundeplatz. Ich komme zu Euch nach Hause, denn ich lege Wert auf ganzheitliches Arbeiten.<\/p>\n\n\n\n<p>&#8222;Stillstand bedeutet R\u00fcckschritt&#8220; ist ein bekanntes Zitat welches voll ins Schwarze trifft. Pers\u00f6nlichkeitsentwicklung ist n\u00e4mlich ein Prozess, ein quasi niemals endender Weg. Deshalb ist es mir wichtig, immer offen zu bleiben, mich selbst und meine Herangehensweisen kritisch zu hinterfragen und mich stetig fortzubilden. <\/p>\n\n\n\n<figure class=\"wp-block-gallery has-nested-images columns-default is-cropped wp-block-gallery-4 is-layout-flex wp-block-gallery-is-layout-flex\">\n<figure class=\"wp-block-image size-large\"><img loading=\"lazy\" decoding=\"async\" width=\"700\" height=\"933\" data-id=\"432\" src=\"https:\/\/canisspecialis.de\/wp-content\/uploads\/2023\/12\/buddy3-700x933.jpg\" alt=\"\" class=\"wp-image-432\" srcset=\"https:\/\/canisspecialis.de\/wp-content\/uploads\/2023\/12\/buddy3-700x933.jpg 700w, https:\/\/canisspecialis.de\/wp-content\/uploads\/2023\/12\/buddy3-225x300.jpg 225w, https:\/\/canisspecialis.de\/wp-content\/uploads\/2023\/12\/buddy3-768x1024.jpg 768w, https:\/\/canisspecialis.de\/wp-content\/uploads\/2023\/12\/buddy3-1152x1536.jpg 1152w, https:\/\/canisspecialis.de\/wp-content\/uploads\/2023\/12\/buddy3-800x1067.jpg 800w, https:\/\/canisspecialis.de\/wp-content\/uploads\/2023\/12\/buddy3.jpg 1512w\" sizes=\"auto, (max-width: 700px) 100vw, 700px\" \/><figcaption class=\"wp-element-caption\">Buddy 2022<\/figcaption><\/figure>\n\n\n\n<figure class=\"wp-block-image size-large\"><img loading=\"lazy\" decoding=\"async\" width=\"700\" height=\"933\" data-id=\"431\" src=\"https:\/\/canisspecialis.de\/wp-content\/uploads\/2023\/12\/buddy2-700x933.jpg\" alt=\"\" class=\"wp-image-431\" srcset=\"https:\/\/canisspecialis.de\/wp-content\/uploads\/2023\/12\/buddy2-700x933.jpg 700w, https:\/\/canisspecialis.de\/wp-content\/uploads\/2023\/12\/buddy2-225x300.jpg 225w, https:\/\/canisspecialis.de\/wp-content\/uploads\/2023\/12\/buddy2-768x1024.jpg 768w, https:\/\/canisspecialis.de\/wp-content\/uploads\/2023\/12\/buddy2-1152x1536.jpg 1152w, https:\/\/canisspecialis.de\/wp-content\/uploads\/2023\/12\/buddy2-800x1067.jpg 800w, https:\/\/canisspecialis.de\/wp-content\/uploads\/2023\/12\/buddy2.jpg 1512w\" sizes=\"auto, (max-width: 700px) 100vw, 700px\" \/><figcaption class=\"wp-element-caption\">Buddy 2022<\/figcaption><\/figure>\n\n\n\n<figure class=\"wp-block-image size-large\"><img loading=\"lazy\" decoding=\"async\" width=\"700\" height=\"933\" data-id=\"430\" src=\"https:\/\/canisspecialis.de\/wp-content\/uploads\/2023\/12\/buddy-700x933.jpg\" alt=\"\" class=\"wp-image-430\" srcset=\"https:\/\/canisspecialis.de\/wp-content\/uploads\/2023\/12\/buddy-700x933.jpg 700w, https:\/\/canisspecialis.de\/wp-content\/uploads\/2023\/12\/buddy-225x300.jpg 225w, https:\/\/canisspecialis.de\/wp-content\/uploads\/2023\/12\/buddy-768x1024.jpg 768w, https:\/\/canisspecialis.de\/wp-content\/uploads\/2023\/12\/buddy-1152x1536.jpg 1152w, https:\/\/canisspecialis.de\/wp-content\/uploads\/2023\/12\/buddy-800x1067.jpg 800w, https:\/\/canisspecialis.de\/wp-content\/uploads\/2023\/12\/buddy.jpg 1512w\" sizes=\"auto, (max-width: 700px) 100vw, 700px\" \/><figcaption class=\"wp-element-caption\">Buddy 2022<\/figcaption><\/figure>\n<\/figure>\n\n\n\n<figure class=\"wp-block-gallery has-nested-images columns-default is-cropped wp-block-gallery-5 is-layout-flex wp-block-gallery-is-layout-flex\">\n<figure class=\"wp-block-image size-large\"><img loading=\"lazy\" decoding=\"async\" width=\"700\" height=\"933\" data-id=\"421\" src=\"https:\/\/canisspecialis.de\/wp-content\/uploads\/2023\/12\/jack6-700x933.jpg\" alt=\"\" class=\"wp-image-421\" srcset=\"https:\/\/canisspecialis.de\/wp-content\/uploads\/2023\/12\/jack6-700x933.jpg 700w, https:\/\/canisspecialis.de\/wp-content\/uploads\/2023\/12\/jack6-225x300.jpg 225w, https:\/\/canisspecialis.de\/wp-content\/uploads\/2023\/12\/jack6-768x1024.jpg 768w, https:\/\/canisspecialis.de\/wp-content\/uploads\/2023\/12\/jack6-1152x1536.jpg 1152w, https:\/\/canisspecialis.de\/wp-content\/uploads\/2023\/12\/jack6-800x1067.jpg 800w, https:\/\/canisspecialis.de\/wp-content\/uploads\/2023\/12\/jack6.jpg 1512w\" sizes=\"auto, (max-width: 700px) 100vw, 700px\" \/><figcaption class=\"wp-element-caption\">Jack 2021<\/figcaption><\/figure>\n\n\n\n<figure class=\"wp-block-image size-large\"><img loading=\"lazy\" decoding=\"async\" width=\"700\" height=\"525\" data-id=\"423\" src=\"https:\/\/canisspecialis.de\/wp-content\/uploads\/2023\/12\/jack8-700x525.jpg\" alt=\"\" class=\"wp-image-423\" srcset=\"https:\/\/canisspecialis.de\/wp-content\/uploads\/2023\/12\/jack8-700x525.jpg 700w, https:\/\/canisspecialis.de\/wp-content\/uploads\/2023\/12\/jack8-300x225.jpg 300w, https:\/\/canisspecialis.de\/wp-content\/uploads\/2023\/12\/jack8-768x576.jpg 768w, https:\/\/canisspecialis.de\/wp-content\/uploads\/2023\/12\/jack8-1536x1152.jpg 1536w, https:\/\/canisspecialis.de\/wp-content\/uploads\/2023\/12\/jack8-800x600.jpg 800w, https:\/\/canisspecialis.de\/wp-content\/uploads\/2023\/12\/jack8-80x60.jpg 80w, https:\/\/canisspecialis.de\/wp-content\/uploads\/2023\/12\/jack8.jpg 2048w\" sizes=\"auto, (max-width: 700px) 100vw, 700px\" \/><figcaption class=\"wp-element-caption\">Jack 2021<\/figcaption><\/figure>\n\n\n\n<figure class=\"wp-block-image size-large\"><img loading=\"lazy\" decoding=\"async\" width=\"700\" height=\"933\" data-id=\"422\" src=\"https:\/\/canisspecialis.de\/wp-content\/uploads\/2023\/12\/jack5-700x933.jpg\" alt=\"\" class=\"wp-image-422\" srcset=\"https:\/\/canisspecialis.de\/wp-content\/uploads\/2023\/12\/jack5-700x933.jpg 700w, https:\/\/canisspecialis.de\/wp-content\/uploads\/2023\/12\/jack5-225x300.jpg 225w, https:\/\/canisspecialis.de\/wp-content\/uploads\/2023\/12\/jack5-768x1024.jpg 768w, https:\/\/canisspecialis.de\/wp-content\/uploads\/2023\/12\/jack5-1152x1536.jpg 1152w, https:\/\/canisspecialis.de\/wp-content\/uploads\/2023\/12\/jack5-800x1067.jpg 800w, https:\/\/canisspecialis.de\/wp-content\/uploads\/2023\/12\/jack5.jpg 1512w\" sizes=\"auto, (max-width: 700px) 100vw, 700px\" \/><figcaption class=\"wp-element-caption\">Jack 2021<\/figcaption><\/figure>\n<\/figure>\n\n\n\n<figure class=\"wp-block-gallery has-nested-images columns-default is-cropped wp-block-gallery-6 is-layout-flex wp-block-gallery-is-layout-flex\">\n<figure class=\"wp-block-image size-large\"><img loading=\"lazy\" decoding=\"async\" width=\"700\" height=\"525\" data-id=\"424\" src=\"https:\/\/canisspecialis.de\/wp-content\/uploads\/2023\/12\/20210220_124335-700x525.jpg\" alt=\"\" class=\"wp-image-424\" srcset=\"https:\/\/canisspecialis.de\/wp-content\/uploads\/2023\/12\/20210220_124335-700x525.jpg 700w, https:\/\/canisspecialis.de\/wp-content\/uploads\/2023\/12\/20210220_124335-300x225.jpg 300w, https:\/\/canisspecialis.de\/wp-content\/uploads\/2023\/12\/20210220_124335-768x576.jpg 768w, https:\/\/canisspecialis.de\/wp-content\/uploads\/2023\/12\/20210220_124335-1536x1152.jpg 1536w, https:\/\/canisspecialis.de\/wp-content\/uploads\/2023\/12\/20210220_124335-2048x1536.jpg 2048w, https:\/\/canisspecialis.de\/wp-content\/uploads\/2023\/12\/20210220_124335-800x600.jpg 800w, https:\/\/canisspecialis.de\/wp-content\/uploads\/2023\/12\/20210220_124335-80x60.jpg 80w\" sizes=\"auto, (max-width: 700px) 100vw, 700px\" \/><figcaption class=\"wp-element-caption\">Siri 2020\/2021<\/figcaption><\/figure>\n\n\n\n<figure class=\"wp-block-image size-large\"><img loading=\"lazy\" decoding=\"async\" width=\"700\" height=\"933\" data-id=\"425\" src=\"https:\/\/canisspecialis.de\/wp-content\/uploads\/2023\/12\/siri2-1-700x933.jpg\" alt=\"\" class=\"wp-image-425\" srcset=\"https:\/\/canisspecialis.de\/wp-content\/uploads\/2023\/12\/siri2-1-700x933.jpg 700w, https:\/\/canisspecialis.de\/wp-content\/uploads\/2023\/12\/siri2-1-225x300.jpg 225w, https:\/\/canisspecialis.de\/wp-content\/uploads\/2023\/12\/siri2-1-768x1024.jpg 768w, https:\/\/canisspecialis.de\/wp-content\/uploads\/2023\/12\/siri2-1-1152x1536.jpg 1152w, https:\/\/canisspecialis.de\/wp-content\/uploads\/2023\/12\/siri2-1-800x1067.jpg 800w, https:\/\/canisspecialis.de\/wp-content\/uploads\/2023\/12\/siri2-1.jpg 1536w\" sizes=\"auto, (max-width: 700px) 100vw, 700px\" \/><figcaption class=\"wp-element-caption\">Siri 2020\/2021<\/figcaption><\/figure>\n\n\n\n<figure class=\"wp-block-image size-large\"><img loading=\"lazy\" decoding=\"async\" width=\"700\" height=\"933\" data-id=\"415\" src=\"https:\/\/canisspecialis.de\/wp-content\/uploads\/2023\/12\/siri-700x933.jpg\" alt=\"\" class=\"wp-image-415\" srcset=\"https:\/\/canisspecialis.de\/wp-content\/uploads\/2023\/12\/siri-700x933.jpg 700w, https:\/\/canisspecialis.de\/wp-content\/uploads\/2023\/12\/siri-225x300.jpg 225w, https:\/\/canisspecialis.de\/wp-content\/uploads\/2023\/12\/siri-768x1024.jpg 768w, https:\/\/canisspecialis.de\/wp-content\/uploads\/2023\/12\/siri-1152x1536.jpg 1152w, https:\/\/canisspecialis.de\/wp-content\/uploads\/2023\/12\/siri-800x1067.jpg 800w, https:\/\/canisspecialis.de\/wp-content\/uploads\/2023\/12\/siri.jpg 1536w\" sizes=\"auto, (max-width: 700px) 100vw, 700px\" \/><figcaption class=\"wp-element-caption\">Siri 2020\/2021<\/figcaption><\/figure>\n<\/figure>\n\n\n\n<figure class=\"wp-block-gallery has-nested-images columns-default is-cropped wp-block-gallery-7 is-layout-flex wp-block-gallery-is-layout-flex\">\n<figure class=\"wp-block-image size-large\"><img loading=\"lazy\" decoding=\"async\" width=\"700\" height=\"1244\" data-id=\"440\" src=\"https:\/\/canisspecialis.de\/wp-content\/uploads\/2023\/12\/leyla2-700x1244.jpg\" alt=\"\" class=\"wp-image-440\" srcset=\"https:\/\/canisspecialis.de\/wp-content\/uploads\/2023\/12\/leyla2-700x1244.jpg 700w, https:\/\/canisspecialis.de\/wp-content\/uploads\/2023\/12\/leyla2-169x300.jpg 169w, https:\/\/canisspecialis.de\/wp-content\/uploads\/2023\/12\/leyla2-768x1365.jpg 768w, https:\/\/canisspecialis.de\/wp-content\/uploads\/2023\/12\/leyla2-864x1536.jpg 864w, https:\/\/canisspecialis.de\/wp-content\/uploads\/2023\/12\/leyla2-800x1422.jpg 800w, https:\/\/canisspecialis.de\/wp-content\/uploads\/2023\/12\/leyla2.jpg 1152w\" sizes=\"auto, (max-width: 700px) 100vw, 700px\" \/><figcaption class=\"wp-element-caption\">Leyla 2017\/2018<\/figcaption><\/figure>\n\n\n\n<figure class=\"wp-block-image size-large\"><img loading=\"lazy\" decoding=\"async\" width=\"700\" height=\"1244\" data-id=\"441\" src=\"https:\/\/canisspecialis.de\/wp-content\/uploads\/2023\/12\/leyla1-700x1244.jpg\" alt=\"\" class=\"wp-image-441\" srcset=\"https:\/\/canisspecialis.de\/wp-content\/uploads\/2023\/12\/leyla1-700x1244.jpg 700w, https:\/\/canisspecialis.de\/wp-content\/uploads\/2023\/12\/leyla1-169x300.jpg 169w, https:\/\/canisspecialis.de\/wp-content\/uploads\/2023\/12\/leyla1-768x1365.jpg 768w, https:\/\/canisspecialis.de\/wp-content\/uploads\/2023\/12\/leyla1-864x1536.jpg 864w, https:\/\/canisspecialis.de\/wp-content\/uploads\/2023\/12\/leyla1-800x1422.jpg 800w, https:\/\/canisspecialis.de\/wp-content\/uploads\/2023\/12\/leyla1.jpg 1152w\" sizes=\"auto, (max-width: 700px) 100vw, 700px\" \/><figcaption class=\"wp-element-caption\">Leyla 2017\/2018<\/figcaption><\/figure>\n\n\n\n<figure class=\"wp-block-image size-large\"><img loading=\"lazy\" decoding=\"async\" width=\"700\" height=\"1244\" data-id=\"442\" src=\"https:\/\/canisspecialis.de\/wp-content\/uploads\/2023\/12\/leyla-700x1244.jpg\" alt=\"\" class=\"wp-image-442\" srcset=\"https:\/\/canisspecialis.de\/wp-content\/uploads\/2023\/12\/leyla-700x1244.jpg 700w, https:\/\/canisspecialis.de\/wp-content\/uploads\/2023\/12\/leyla-169x300.jpg 169w, https:\/\/canisspecialis.de\/wp-content\/uploads\/2023\/12\/leyla-768x1365.jpg 768w, https:\/\/canisspecialis.de\/wp-content\/uploads\/2023\/12\/leyla-864x1536.jpg 864w, https:\/\/canisspecialis.de\/wp-content\/uploads\/2023\/12\/leyla-800x1422.jpg 800w, https:\/\/canisspecialis.de\/wp-content\/uploads\/2023\/12\/leyla.jpg 1152w\" sizes=\"auto, (max-width: 700px) 100vw, 700px\" \/><figcaption class=\"wp-element-caption\">Leyla 2017\/2018<\/figcaption><\/figure>\n<\/figure>\n\n\n\n<figure class=\"wp-block-gallery has-nested-images columns-default is-cropped wp-block-gallery-8 is-layout-flex wp-block-gallery-is-layout-flex\">\n<figure class=\"wp-block-image size-large\"><img loading=\"lazy\" decoding=\"async\" width=\"700\" height=\"1244\" data-id=\"445\" src=\"https:\/\/canisspecialis.de\/wp-content\/uploads\/2023\/12\/shamir5-700x1244.jpg\" alt=\"\" class=\"wp-image-445\" srcset=\"https:\/\/canisspecialis.de\/wp-content\/uploads\/2023\/12\/shamir5-700x1244.jpg 700w, https:\/\/canisspecialis.de\/wp-content\/uploads\/2023\/12\/shamir5-169x300.jpg 169w, https:\/\/canisspecialis.de\/wp-content\/uploads\/2023\/12\/shamir5-768x1365.jpg 768w, https:\/\/canisspecialis.de\/wp-content\/uploads\/2023\/12\/shamir5-864x1536.jpg 864w, https:\/\/canisspecialis.de\/wp-content\/uploads\/2023\/12\/shamir5-800x1422.jpg 800w, https:\/\/canisspecialis.de\/wp-content\/uploads\/2023\/12\/shamir5.jpg 1152w\" sizes=\"auto, (max-width: 700px) 100vw, 700px\" \/><figcaption class=\"wp-element-caption\">Shamir 2015\/2016<\/figcaption><\/figure>\n\n\n\n<figure class=\"wp-block-image size-large\"><img loading=\"lazy\" decoding=\"async\" width=\"700\" height=\"1244\" data-id=\"412\" src=\"https:\/\/canisspecialis.de\/wp-content\/uploads\/2023\/12\/shamir2-700x1244.jpg\" alt=\"\" class=\"wp-image-412\" srcset=\"https:\/\/canisspecialis.de\/wp-content\/uploads\/2023\/12\/shamir2-700x1244.jpg 700w, https:\/\/canisspecialis.de\/wp-content\/uploads\/2023\/12\/shamir2-169x300.jpg 169w, https:\/\/canisspecialis.de\/wp-content\/uploads\/2023\/12\/shamir2-768x1365.jpg 768w, https:\/\/canisspecialis.de\/wp-content\/uploads\/2023\/12\/shamir2-864x1536.jpg 864w, https:\/\/canisspecialis.de\/wp-content\/uploads\/2023\/12\/shamir2-800x1422.jpg 800w, https:\/\/canisspecialis.de\/wp-content\/uploads\/2023\/12\/shamir2.jpg 1152w\" sizes=\"auto, (max-width: 700px) 100vw, 700px\" \/><figcaption class=\"wp-element-caption\">Shamir 2015\/2016<\/figcaption><\/figure>\n\n\n\n<figure class=\"wp-block-image size-large\"><img loading=\"lazy\" decoding=\"async\" width=\"700\" height=\"1244\" data-id=\"446\" src=\"https:\/\/canisspecialis.de\/wp-content\/uploads\/2023\/12\/shamir-1-700x1244.jpg\" alt=\"\" class=\"wp-image-446\" srcset=\"https:\/\/canisspecialis.de\/wp-content\/uploads\/2023\/12\/shamir-1-700x1244.jpg 700w, https:\/\/canisspecialis.de\/wp-content\/uploads\/2023\/12\/shamir-1-169x300.jpg 169w, https:\/\/canisspecialis.de\/wp-content\/uploads\/2023\/12\/shamir-1-768x1365.jpg 768w, https:\/\/canisspecialis.de\/wp-content\/uploads\/2023\/12\/shamir-1-864x1536.jpg 864w, https:\/\/canisspecialis.de\/wp-content\/uploads\/2023\/12\/shamir-1-800x1422.jpg 800w, https:\/\/canisspecialis.de\/wp-content\/uploads\/2023\/12\/shamir-1.jpg 1152w\" sizes=\"auto, (max-width: 700px) 100vw, 700px\" \/><figcaption class=\"wp-element-caption\">Shamir 2015\/2016<\/figcaption><\/figure>\n<\/figure>\n\n\n\n<h2 class=\"wp-block-heading\">Fortbildungen und Seminare<\/h2>\n\n\n\n<p><\/p>\n\n\n\n<ul class=\"wp-block-list\">\n<li>17.04.2026 Webinar &#8222;F\u00fchrkompetenz&#8220; mit Vanessa Engelst\u00e4dter<\/li>\n\n\n\n<li>18.02.2026 Webinar &#8222;Verleitung erkennen &#8211; sinnvoll trainieren&#8220; mit Jenny von Find your man<\/li>\n\n\n\n<li>14.02.2026 Webinar &#8222;Ressourcenverteidigung&#8220; mit Ute Blaschke-Berthold<\/li>\n\n\n\n<li>10.02.2026 Webinar &#8222;Alles Meins! \u2013 Ressourcenverteidigung von Hund zu Hund&#8220; mit Pia Gr\u00f6ning<\/li>\n\n\n\n<li>17.\/18.01.2026 &#8222;Kein Platz f\u00fcr Gewalt!&#8220; &#8211; Online Symposium f\u00fcr zeitgem\u00e4\u00dfes Hundetraining<\/li>\n\n\n\n<li>16.01.2026 &#8211; Webinar &#8222;Die wichtigste F\u00e4higkeit des Mantrailers&#8220; mit Christop Rosenberger von Dogs at Work<\/li>\n\n\n\n<li>10.12.2025 Webinar &#8222;Aktiv aggressiv&#8220; mit Nadin Matthews<\/li>\n\n\n\n<li>29.11.2025 &#8222;Emotionale Resonanz zwischen Mensch und Hund \u2013 Wissenschaft und Praxis der Co-Regulation&#8220; mit Regina Hauenstein und Dr. Sandra Foltin<\/li>\n\n\n\n<li>19.11.2025 Webinar &#8222;Bedeutung und Entwicklung eines modernen Verhaltensrepertoires&#8220; mit Ute Blaschle-Berthold<\/li>\n\n\n\n<li>07.10.2025 Webinar &#8222;Sichere Bindung beim Hund&#8220; mit Catharina Pichler<\/li>\n\n\n\n<li>29.09.2025 Webinar &#8222;Ger\u00e4uschangst und Silvester&#8220; mit Pasquale Piturru<\/li>\n\n\n\n<li>27.08.\/03.\/10.\/17.\/24.09.2025 5-teilige Zusatzqualifikation &#8222;Trauma-Kompetenz Hund&#8220; mit Dr. Sandra Foltin, Maria Hense und Christina Sondermann<\/li>\n\n\n\n<li>04.06.2025 Webinar &#8222;Schlafende Hunde&#8220; &#8211; Die Bedeutung von gutem Schlaf f\u00fcr die k\u00f6rperliche und psychische Gesundheit von Hunden mit Dr. Sandra Foltin, Maria Hense und Christina Sondermann<\/li>\n\n\n\n<li>22.04.2023 &#8211; Webinar &#8222;Den Einfluss von Thermik &amp; Wind verstehen&#8220; mit Christop Rosenberger von Dogs at Work<\/li>\n\n\n\n<li>09.\/17.\/22.04.2025 Webinarreihe &#8222;Empathie und Aufkl\u00e4rung&#8220; mit Dr. Sandra Foltin und Dagmar Spillner<\/li>\n\n\n\n<li>05.\/12.\/19.03.2025 Webinarreihe &#8222;K\u00f6rperarbeit&#8220; mit Dr. Sandra Foltin, Maria Hense und Christina Sondermann<\/li>\n\n\n\n<li>22.\/23.02.2025 Trainer-Workshop &#8222;Der nerv\u00f6se Hund&#8220; mit Normen Mrozinski<\/li>\n\n\n\n<li>19.02.2025 Webinar &#8222;Aggressives Verhalten gegen\u00fcber dem eigenen Menschen&#8220; mit Stephan Gronostay<\/li>\n\n\n\n<li>09.02.2025 Vortrag &#8222;Systemsprenger&#8220; mit Gerd Schuster<\/li>\n\n\n\n<li>09.02.2025 Workshop &#8222;Psychische Erkrankungen beim Hund&#8220; mit Dr. Sandra Foltin<\/li>\n\n\n\n<li>05.12.2024 Webinar &#8222;Von der Stressreduktion zur Resilienz&#8220; mit Ute Blaschke-Berthold<\/li>\n\n\n\n<li>20.11.2024 Webinar &#8222;Stimmungs\u00fcbertragung in Alltag &amp; Training mit Maria Hense<\/li>\n\n\n\n<li>30.10.2024 Webinar &#8222;Bindungsst\u00f6rungen beim Hund&#8220; mit Maria Hense<\/li>\n\n\n\n<li>20.10.2024 Workshop &#8222;Die Thyroid &#8211; Ein Ph\u00e4nomen: Schilddr\u00fcsendysfunktionen des Hundes &#8211; Diagnose und Therapie sowie weitere hormonelle Einfl\u00fcsse&#8220; mit Pasquale Piturru<\/li>\n\n\n\n<li>06.09.2024 Hibbelhunde-Konzept mit Lisa Pinsdorf &amp; Maren Grote<\/li>\n\n\n\n<li>21.08.\/28.08. + 04.09.2024 Webinarreihe &#8222;Gemeinsam stark: Psychische Gesundheit f\u00fcr Hunde&#8220; mit Dr. Sandra Foltin, Maria Hense und Christina Sondermann<\/li>\n\n\n\n<li>12.07.2024 Webinar &#8222;Reaktivit\u00e4t &amp; Angst mit System meistern&#8220; mit Cinta Hamacher von CintaDogs<\/li>\n\n\n\n<li>30.06.2024 Webinar &#8222;Beziehungsstatus: Es ist kompliziert!&#8220; mit Vanessa Bokr<\/li>\n\n\n\n<li>06.02. &#8211; 17.05.2024 Scent Detection Trainer Ausbildung mit Zertifikat<\/li>\n\n\n\n<li>15. &#8211; 17.04.2024 &#8211; Hibbelhunde Grundlagenkurs von Wibke Hagemann (Canipedia)<\/li>\n\n\n\n<li>15.04.2024 &#8211; Webinar &#8222;Malinois &#8211; Verhalten &amp; Gesundheit&#8220; mit Diane Bartlog und Jessica Maier <\/li>\n\n\n\n<li>05. &#8211; 07.03.2024 Trainer-Workshop &#8222;Aggression beim Hund&#8220; mit Normen Mrozinski<\/li>\n\n\n\n<li>12.11.2023 &#8211; Trainer-Workshop &#8222;Basisworkshop Nasenarbeit \u2013 die Anzeige in der Objektsuche&#8220; von Ziemer &amp; Falke mit Melanie Tiemann<\/li>\n\n\n\n<li>18.10.2023 &#8211; Webinar &#8222;Schmerzerkennung beim Tier&#8220; mit Dr. Nadine Klein<\/li>\n\n\n\n<li>26.09.2023 &#8211; Webinar &#8222;Das kleine 1&#215;1 des Traillegens&#8220; nit Christop Rosenberger von Dogs at Work<\/li>\n\n\n\n<li>15.09.2023 &#8211; Webinar &#8222;Stress im Alltag&#8220; mit Sophia Bauer &#8211; Easy Dogs<\/li>\n\n\n\n<li>07.08.2023 &#8211; Webinar &#8222;Gebrauchshunde sicher f\u00fchren&#8220; mit Sophia Bauer &#8211; Easy Dogs<\/li>\n\n\n\n<li>17. &#8211; 21.07.2023 &#8211; Trainer-Workshop \u201eEinsch\u00e4tzung, Training und sicherer Umgang mit Hunden im Tierheim\u201c mit Normen Mrozinski<\/li>\n\n\n\n<li>20.06.2023 &#8211; Webinar &#8222;Der \u00e4ngstliche Hund im Alltag&#8220; mit Thomas Baumann<\/li>\n\n\n\n<li>13.06.2023 &#8211; Webinar &#8222;F\u00fchrungswechsel&#8220; mit Anita Balser<\/li>\n\n\n\n<li>02.06.2023 &#8211; Webinar &#8222;Die soziale Struktur von Hunden und W\u00f6lfen&#8220; mit Adam Miklosi<\/li>\n\n\n\n<li>24.05.2023 &#8211; Webinar &#8222;Reaktive Hunde Teil 2&#8220; mit Dr. Lara Steinhoff<\/li>\n\n\n\n<li>22.05.2023 &#8211; Webinar &#8222;Reaktive Hunde Teil 1&#8220; mit Dr. Lara Steinhoff<\/li>\n\n\n\n<li>29.04.2023 &#8211; Webinar &#8222;Canine Reset&#8220; mit Katrien Lismont<\/li>\n\n\n\n<li>25.03.2023 &#8211; Webinar &#8222;Der kluge Hund&#8220; mit Kate Kitchenham<\/li>\n\n\n\n<li>23.03.2023 &#8211; Webinar &#8222;Impulskontrolle&#8220; mit Nicole Brinkmann<\/li>\n\n\n\n<li>22.03.2023 &#8211; Webinar &#8222;Strafen oder belohnen?&#8220; mit Normen Mrozinski<\/li>\n\n\n\n<li>21.03.2023 &#8211; Webinar &#8222;Aggressionen&#8220; mit Vanessa Bokr<\/li>\n\n\n\n<li>20.03.2023 &#8211; Webinar &#8222;Hundebegegnungen&#8220; mit Ursula L\u00f6ckenhoff<\/li>\n\n\n\n<li>08.03.2023 &#8211; Webinar &#8222;Geruchsdifferenzierung &#8211; von Anfang an alles richtig machen&#8220; mit Matthias M\u00fcck<\/li>\n\n\n\n<li>19.01.2023 &#8211; Webinar &#8222;Wie Hunde lernen&#8220; mit Normen Mrozinski<\/li>\n\n\n\n<li>29.\/30.10.2022 &#8211; 2 Tages Seminar &#8222;Erlebnis tiefe Verbundenheit&#8220; mit Michael Stephan<\/li>\n\n\n\n<li>08.\/09.10.2022 &#8211; 2 Tages Seminar &#8222;Monster, Memme, Mitt\u00e4ter&#8220; mit Normen Mrozinski<\/li>\n\n\n\n<li>17.\/18.09.2022 &#8211; 2 Tages Seminar &#8222;Hunde einsch\u00e4tzen &#8211; Verhaltensprobleme erkennen und L\u00f6sungsans\u00e4tze finden&#8220; mit Normen Mrozinski<\/li>\n\n\n\n<li>07.08.2022 &#8211; Tagesseminar &#8222;Schmerz, chronische Erkrankungen und Verhalten&#8220; mit Udo Ganslosser<\/li>\n\n\n\n<li>20. bis 22.06.2022 &#8211; 3 Tages Seminar &#8222;Aggressiver Hund!? Was nun? Vom Umgang mit aggressiven Verhaltensweisen bei bissigen Hunden, Abgrenzung nicht angemessener gegen\u00fcber tolerierbarer Aggression.&#8220; mit Thomas und Ina Baumann<\/li>\n\n\n\n<li>20.05.2022 &#8211; Webinar &#8222;Mensch-Hund Beziehung&#8220; mit Kurt Kotrschal<\/li>\n\n\n\n<li>14.\/15.05.2022 &#8211; 2 Tages Seminar &#8222;Arbeit mit Hunden im Tierheim&#8220; mit Normen Mrozinski<\/li>\n\n\n\n<li>11.05.2022 &#8211; Webinar &#8222;Wenn das Vetamt 3x klingelt&#8220; mit Normen Mrozinski<\/li>\n\n\n\n<li>21.04.2022 &#8211; Webinar &#8222;Pubert\u00e4t des Hundes&#8220; mit Sophie Strodtbeck<\/li>\n\n\n\n<li>09.03.2022 \u2013 Webinar \u201eAggression beim Hund \u2013 Teil 3: Aggressionsverhalten und Hundetraining\u201c mit Normen Mrozinski<\/li>\n\n\n\n<li>02.03.2022 \u2013 Webinar \u201eAggression beim Hund \u2013 Teil 2: Aggressionsverhalten und Individualentwicklung\u201c mit Normen Mrozinski<\/li>\n\n\n\n<li>23.02.2022 \u2013 Webinar \u201eAggression beim Hund \u2013 Teil 1: Grundlagen, Verhaltensausl\u00f6ser, Motivation\u201c mit Normen Mrozinski<\/li>\n\n\n\n<li>16.02.2022 \u2013 Online Vortrag \u201eErziehung, Training oder beides?\u201c mit Julia Besche und Christian Friedlein<\/li>\n\n\n\n<li>10.02.2022 \u2013 Online Vortrag \u201eBeziehung zwischen Hund und Halter \u2013 wenn Trainingsmethoden an ihre Grenzen kommen\u201c mit Normen Mrozinski<\/li>\n\n\n\n<li>07.02.2022 \u2013 Online Vortrag \u201eGeladen und entsichert? Umgang mit aggressiven Hunden\u201c mit Gerd Schuster<\/li>\n\n\n\n<li>22.10.2021 Abenvortrag &#8222;Die neue Rolle unserer Familienhunde&#8220; mit Adam Miklosi<\/li>\n\n\n\n<li>11.\/12.\/13.10.2021 &#8211; 3 Tage Trainer-Workshop: Aggression bei Hunden gegen Hunde und Menschen mit Normen Mrozinski<\/li>\n\n\n\n<li>19.09.2021 &#8211; Tagesseminar &#8222;Die Ern\u00e4hrung des Hundes &#8211; Wie wirkt sich die Ern\u00e4hrung auf das Verhalten des Hundes aus?&#8220; mit Dr. Udo Ganslosser<\/li>\n\n\n\n<li>02.06.2021 &#8211; Webinar &#8222;Problemverhalten wissenschaftlich beleuchtet&#8220; mit Gerd Schreiber<\/li>\n\n\n\n<li>01.06.2021 &#8211; Webinar &#8222;Konditionierung&#8220; mit Dr. Ute Blaschke Berthold<\/li>\n\n\n\n<li>22.08.2020 &#8211; Tagesseminar &#8222;Verhalten vs. Futter&#8220; mit Nils Steenbuck<\/li>\n\n\n\n<li>01.\/02.08.2020 &#8211; 2 Tages Seminar &#8222;Verhalten, Physiologie und Anatomie des Hundes&#8220; mit Dr. Udo Ganslosser und Dr. Fischer<\/li>\n\n\n\n<li>13.06.2020 &#8211; Tagesseminar &#8222;Von Aggression zur Kommunikation &#8211; Analogien in Kampf und Freundschaft&#8220; mit Fransi Rottmaier<\/li>\n\n\n\n<li>07.02.2020 &#8211; Abendvortrag &#8222;Die Gef\u00fchlswelt der Hunde&#8220; mit Dr. Katrin Hagmann, Verhaltensbiologin bei der K\u00f6lner Hunde-Akademie<\/li>\n\n\n\n<li>20.10.2019 &#8211; Tagesseminar &#8222;Nutrigenomik &#8211; Der Einfluss von Ern\u00e4hrung auf den Organismus des Hundes&#8220; mit Nils Steenbuck<\/li>\n\n\n\n<li>05.07.2019<strong> &#8211; <\/strong>Abendvortrag &#8222;Jagdtverhalten des Hundes aus biologischer und kynologischer Sicht&#8220; mit Dr. Udo Ganslosser und Gerd Leder<\/li>\n\n\n\n<li>21.05.2019 &#8211; Abendvortrag &#8222;Angst, Aggression und Stress beim Hund&#8220; mit Thomas Baumann und Dr. Udo Ganslosser<\/li>\n\n\n\n<li>24.02.2019 &#8211; Tagesseminar &#8222;Die neurobiologischen Grundlagen von Schlaf und Ruhe&#8220; mit Robert Mehl<\/li>\n\n\n\n<li>23.02.2019 &#8211; Tagesseminar &#8222;Impulsiv und unberechenbar? Die neurobiologischen Grundlagen der Impulskontrolle&#8220; mit Robert Mehl<\/li>\n\n\n\n<li>30.11.2018 &#8211; Tagesseminar &#8222;Beobachtung &#8211; einsch\u00e4tzen &#8211; eingreifen bei Streith\u00e4hnen und diskutierenden Hunden&#8220; mit Ute Heberer<\/li>\n\n\n\n<li>21.10.2018 &#8211; Tagesseminar &#8222;Homologien und Analogien im Sozialverhalten zwischen Hund und Mensch&#8220; mit Dorit Feddersen-Petersen<\/li>\n\n\n\n<li>20.08.2018 &#8211; Webinar &#8222;Schilddr\u00fcsenhormone und Verhalten &#8211; Gratwanderung zwischen Wissenschaft und Einzelfall-Beobachtungen Teil I + II&#8220; mit Dr. Ute Blaschke Berthold<\/li>\n\n\n\n<li>03.06.2018 &#8211; Tagesseminar &#8222;Normalverhalten, gest\u00f6rtes Verhalten &#8211; Biologie des Wohlbefindens von Haushunden&#8220; mit Dorit Feddersen-Petersen<\/li>\n\n\n\n<li>21.\/22.04. und 05.\/06.05.2018 Sachkundelehrgang Hundehaltung mit bestandener Pr\u00fcfung nach TierSchG \u00a711 Abs. 1 Nr. 3, 5, 8a inkl. Transportbef\u00e4higung bei der K\u00f6lner Hunde-Akademie<\/li>\n\n\n\n<li>09.07.2017 &#8211; Tagesseminar&#8220;Die Neurobiologie des Lernens&#8220; mit Kate Kitchenham und Udo Ganslosser<\/li>\n\n\n\n<li>19.04.2016 &#8211; Tagesseminar &#8222;Der Mensch-Hund-Code&#8220; mit G\u00fcnther Bloch<\/li>\n\n\n\n<li>29.06.2014 &#8211; Tagesworkshop &#8222;In der Ruhe liegt die Kraft &#8211; Lakoko &#8211; Mentaltraining&#8220; bei Sabine Gie\u00dfen<\/li>\n\n\n\n<li>07.07.2013 &#8211; Tagesworkshop &#8222;LAKOKO &#8211; Mentaltraining f\u00fcr Mensch und Hund&#8220; bei Sabine Gie\u00dfen<\/li>\n\n\n\n<li>16.03.2013 &#8211; Tagesseminar &#8222;Verhaltensprobleme durch organische Ursachen beim Hund&#8220; mit Dr. Ute Blaschke-Berthold<\/li>\n\n\n\n<li>25. bis 26.09.2012 &#8211; 2 Tages Seminar &#8222;K\u00f6rpersprache schwieriger Hunde&#8220; mit Thomas und Ina Baumann<\/li>\n\n\n\n<li>17.04.2012 &#8211; Abendvortrag &#8222;Erziehungsstile aus verhaltenstherapeutischer und biologischer Sicht&#8220; mit Thomas Baumann und Dr. Udo Ganslosser<\/li>\n\n\n\n<li>02. bis 06.04.2012 &#8211; Mantrailing Camp in De Haan mit dem Mantrailing Zentrum Aachen<\/li>\n\n\n\n<li>12. bis 14.08.2011 &#8211; Wochenendseminar &#8222;Hund-Hund-Aggression&#8220; mit Thomas und Ina Baumann<\/li>\n\n\n\n<li>26.03.2011 &#8211; Tagesseminar &#8222;Die F\u00fchrung eines problematischen Hundes&#8220; mit Sabine Gie\u00dfen<\/li>\n\n\n\n<li>19.05.2010 &#8211; Tagesseminar &#8222;W\u00f6lfisch f\u00fcr Hundehalter&#8220; mit G\u00fcnther Bloch<\/li>\n\n\n\n<li>06.10.2009 &#8211; Abendvortrag &#8222;Motivationstechniken&#8220; mit Thomas Baumann<\/li>\n\n\n\n<li>04.10.2009 &#8211; Tagesseminar &#8222;Mensch-Hund-Beziehung&#8220; mit G\u00fcnther Bloch<\/li>\n<\/ul>\n\n\n\n<p><\/p>\n","protected":false},"excerpt":{"rendered":"<p>Mein Name ist Sonja Haamann und hauptberuflich bin ich als Fachinformatikerin t\u00e4tig. Mit Hunden aufgewachsen, entwickelte ich bereits in jungen Jahren meine gro\u00dfe Leidenschaft f\u00fcr sie. Schon als Kind war ich st\u00e4ndig mit dem eigenen und den Nachbarshunden unterwegs und habe mir fr\u00fcher so mein Taschengeld aufgebessert. 2007 lernte ich die Rasse Dogo Argentino kennen&#8230;<\/p>\n","protected":false},"author":1,"featured_media":0,"parent":0,"menu_order":0,"comment_status":"closed","ping_status":"closed","template":"","meta":{"footnotes":""},"class_list":["post-46","page","type-page","status-publish","hentry"],"_links":{"self":[{"href":"https:\/\/canisspecialis.de\/index.php\/wp-json\/wp\/v2\/pages\/46","targetHints":{"allow":["GET"]}}],"collection":[{"href":"https:\/\/canisspecialis.de\/index.php\/wp-json\/wp\/v2\/pages"}],"about":[{"href":"https:\/\/canisspecialis.de\/index.php\/wp-json\/wp\/v2\/types\/page"}],"author":[{"embeddable":true,"href":"https:\/\/canisspecialis.de\/index.php\/wp-json\/wp\/v2\/users\/1"}],"replies":[{"embeddable":true,"href":"https:\/\/canisspecialis.de\/index.php\/wp-json\/wp\/v2\/comments?post=46"}],"version-history":[{"count":70,"href":"https:\/\/canisspecialis.de\/index.php\/wp-json\/wp\/v2\/pages\/46\/revisions"}],"predecessor-version":[{"id":1238,"href":"https:\/\/canisspecialis.de\/index.php\/wp-json\/wp\/v2\/pages\/46\/revisions\/1238"}],"wp:attachment":[{"href":"https:\/\/canisspecialis.de\/index.php\/wp-json\/wp\/v2\/media?parent=46"}],"curies":[{"name":"wp","href":"https:\/\/api.w.org\/{rel}","templated":true}]}}